{"id":14792,"date":"2025-11-19T15:55:20","date_gmt":"2025-11-19T14:55:20","guid":{"rendered":"https:\/\/belectric.com\/?page_id=14792"},"modified":"2026-04-16T13:07:15","modified_gmt":"2026-04-16T11:07:15","slug":"25-jahre-belectric","status":"publish","type":"page","link":"https:\/\/belectric.com\/de\/unternehmen\/25-jahre-belectric\/","title":{"rendered":"25 Jahre offizieller Partner der Sonne"},"content":{"rendered":"\n<p>Anfang der 2000er galt Solarenergie als teuer und wenig effizient. Doch <strong>2001<\/strong> entstand BELECTRIC mit einem Ziel: Die bislang teuerste erneuerbare Energiequelle sollte zur g\u00fcnstigsten werden. Diese Herausforderung nahm die Beck Energy GmbH gemeinsam mit den Gesellschaften S&amp;F Umwelttechnik GmbH und Blitzstrom GmbH an. Im Jahr 2011 vereinten die drei Unternehmen ihre Kr\u00e4fte \u2013 daraus wurde <strong>BELECTRIC<\/strong>.<\/p>\n\n\n\n<p>Heute z\u00e4hlen wir zu den f\u00fchrenden Dienstleistern in der <strong>Entwicklung, im Bau und im Betrieb von Solarkraftwerken und Batteriespeichersystemen<\/strong> in Europa. Aus dem Pionier im fr\u00e4nkischen Kolitzheim wurde ein international agierendes Unternehmen mit mehr als 600 Mitarbeitenden in neun L\u00e4ndern. Seit 25 Jahren treiben uns Leidenschaft, Innovationsgeist und der feste Glaube an eine nachhaltige, sichere Energiezukunft an.<\/p>\n\n\n\n<div style=\"height:50px\" aria-hidden=\"true\" class=\"wp-block-spacer\"><\/div>\n\n\n\n<div class=\"wp-block-group counter is-layout-flow wp-block-group-is-layout-flow\" style=\"padding-top:0;padding-bottom:0\">\n<div class=\"wp-block-columns is-layout-flex wp-container-core-columns-is-layout-28f84493 wp-block-columns-is-layout-flex\">\n<div class=\"wp-block-column is-layout-flow wp-block-column-is-layout-flow\">\n<h2 class=\"wp-block-heading has-text-align-center has-primary-color has-text-color\" style=\"font-size:clamp(33.419px, 2.089rem + ((1vw - 3.2px) * 2.077), 60px);\">5881<\/h2>\n\n\n\n<p class=\"has-text-align-center has-hasler-black-color has-text-color has-medium-large-font-size\">MWp installierte Leistung<\/p>\n<\/div>\n\n\n\n<div class=\"wp-block-column is-layout-flow wp-block-column-is-layout-flow\">\n<h2 class=\"wp-block-heading has-text-align-center has-primary-color has-text-color\" style=\"font-size:clamp(33.419px, 2.089rem + ((1vw - 3.2px) * 2.077), 60px);\">3157<\/h2>\n\n\n\n<p class=\"has-text-align-center has-hasler-black-color has-text-color has-medium-large-font-size\">MWp in der Betriebsf\u00fchrung<\/p>\n<\/div>\n\n\n\n<div class=\"wp-block-column is-layout-flow wp-block-column-is-layout-flow\">\n<h2 class=\"wp-block-heading has-text-align-center has-primary-color has-text-color\" style=\"font-size:clamp(33.419px, 2.089rem + ((1vw - 3.2px) * 2.077), 60px);\">556<\/h2>\n\n\n\n<p class=\"has-text-align-center has-hasler-black-color has-text-color has-medium-large-font-size\">umgesetzte Projekte<\/p>\n<\/div>\n<\/div>\n<\/div>\n\n\n\n<div style=\"height:100px\" aria-hidden=\"true\" class=\"wp-block-spacer\"><\/div>\n\n\n\n<figure class=\"wp-block-embed is-type-video is-provider-youtube wp-block-embed-youtube wp-embed-aspect-16-9 wp-has-aspect-ratio\"><div class=\"wp-block-embed__wrapper\">\n <div class=\"brlbs-cmpnt-container brlbs-cmpnt-content-blocker brlbs-cmpnt-with-individual-styles\" data-borlabs-cookie-content-blocker-id=\"youtube-content-blocker\" data-borlabs-cookie-content=\"PGlmcmFtZSB0aXRsZT0iMjUgSmFocmUgb2ZmaXppZWxsZXIgUGFydG5lciBkZXIgU29ubmU6IEJFTEVDVFJJQyBmZWllcnQgSnViaWzDpHVtIChEZXV0c2NoZSBVbnRlcnRpdGVsKSIgd2lkdGg9IjUwMCIgaGVpZ2h0PSIyODEiIHNyYz0iaHR0cHM6Ly93d3cueW91dHViZS1ub2Nvb2tpZS5jb20vZW1iZWQvb082Nm5XSnNoc0E\/ZmVhdHVyZT1vZW1iZWQiIGZyYW1lYm9yZGVyPSIwIiBhbGxvdz0iYWNjZWxlcm9tZXRlcjsgYXV0b3BsYXk7IGNsaXBib2FyZC13cml0ZTsgZW5jcnlwdGVkLW1lZGlhOyBneXJvc2NvcGU7IHBpY3R1cmUtaW4tcGljdHVyZTsgd2ViLXNoYXJlIiByZWZlcnJlcnBvbGljeT0ic3RyaWN0LW9yaWdpbi13aGVuLWNyb3NzLW9yaWdpbiIgYWxsb3dmdWxsc2NyZWVuPjwvaWZyYW1lPg==\"><div class=\"brlbs-cmpnt-cb-preset-c brlbs-cmpnt-cb-youtube\"> <div class=\"brlbs-cmpnt-cb-thumbnail\" style=\"background-image: url('https:\/\/belectric.com\/wp-content\/uploads\/borlabs-cookie\/1\/yt_oO66nWJshsA_hqdefault.jpg')\"><\/div> <div class=\"brlbs-cmpnt-cb-main\"> <div class=\"brlbs-cmpnt-cb-play-button\"><\/div> <div class=\"brlbs-cmpnt-cb-content\"> <p class=\"brlbs-cmpnt-cb-description\">Sie sehen gerade einen Platzhalterinhalt von <strong>YouTube<\/strong>. Um auf den eigentlichen Inhalt zuzugreifen, klicken Sie auf die Schaltfl\u00e4che unten. Bitte beachten Sie, dass dabei Daten an Drittanbieter weitergegeben werden.<\/p> <a class=\"brlbs-cmpnt-cb-provider-toggle\" href=\"#\" data-borlabs-cookie-show-provider-information role=\"button\">Mehr Informationen<\/a> <\/div> <div class=\"brlbs-cmpnt-cb-buttons\"> <a class=\"brlbs-cmpnt-cb-btn\" href=\"#\" data-borlabs-cookie-unblock role=\"button\">Inhalt entsperren<\/a> <a class=\"brlbs-cmpnt-cb-btn\" href=\"#\" data-borlabs-cookie-accept-service role=\"button\" style=\"display: inherit\">Erforderlichen Service akzeptieren und Inhalte entsperren<\/a> <\/div> <\/div> <\/div><\/div>\n<\/div><\/figure>\n\n\n\n<div style=\"height:100px\" aria-hidden=\"true\" class=\"wp-block-spacer\"><\/div>\n\n\n\r\n<div class=\"belectric-timeline horizontal-layout\"\r\n\t data-layout=\"h\"\r\n\t data-date-format=\"year-only\"\r\n\t data-automatic-sliding=\"0\"\r\n     dir=\"ltr\"\r\n>\r\n\t\t\t        <div class=\"belectric-timeline-wrapper\">\r\n            <div class=\"belectric-timeline-item\">\r\n                <time datetime=\"2026\" class=\"belectric-timeline-item__date\" dir=\"auto\">\r\n                    2026                <\/time>\r\n                                    <img width=\"1500\" height=\"1000\" src=\"https:\/\/belectric.com\/wp-content\/uploads\/2025\/10\/25-Years-BELECTRIC.jpg\" class=\"belectric-timeline-item__image\" alt=\"A red graphic with a sun icon and the text &quot;25&quot; &quot;Official Partner of the Sun&quot;\" decoding=\"async\" loading=\"lazy\" srcset=\"https:\/\/belectric.com\/wp-content\/uploads\/2025\/10\/25-Years-BELECTRIC.jpg 1500w, https:\/\/belectric.com\/wp-content\/uploads\/2025\/10\/25-Years-BELECTRIC-300x200.jpg 300w, https:\/\/belectric.com\/wp-content\/uploads\/2025\/10\/25-Years-BELECTRIC-1024x683.jpg 1024w, https:\/\/belectric.com\/wp-content\/uploads\/2025\/10\/25-Years-BELECTRIC-768x512.jpg 768w\" sizes=\"auto, (max-width: 1500px) 100vw, 1500px\" \/>                                <div class=\"belectric-timeline-item__title\" dir=\"auto\">\r\n                    BELECTRIC feiert 25-j\u00e4hriges Firmenjubil\u00e4um                <\/div>\r\n                            <\/div>\r\n\t\t<\/div>\r\n\t\t\t        <div class=\"belectric-timeline-wrapper\">\r\n            <div class=\"belectric-timeline-item\">\r\n                <time datetime=\"2025\" class=\"belectric-timeline-item__date\" dir=\"auto\">\r\n                    2025                <\/time>\r\n                                    <img width=\"1500\" height=\"1000\" src=\"https:\/\/belectric.com\/wp-content\/uploads\/2025\/10\/Eekerpolder.jpg\" class=\"belectric-timeline-item__image\" alt=\"Der gr\u00f6\u00dfte Solarpark der Niederlande in Eekerpolder von oben w\u00e4hrend des Bauprozesses\" decoding=\"async\" loading=\"lazy\" srcset=\"https:\/\/belectric.com\/wp-content\/uploads\/2025\/10\/Eekerpolder.jpg 1500w, https:\/\/belectric.com\/wp-content\/uploads\/2025\/10\/Eekerpolder-300x200.jpg 300w, https:\/\/belectric.com\/wp-content\/uploads\/2025\/10\/Eekerpolder-1024x683.jpg 1024w, https:\/\/belectric.com\/wp-content\/uploads\/2025\/10\/Eekerpolder-768x512.jpg 768w\" sizes=\"auto, (max-width: 1500px) 100vw, 1500px\" \/>                                <div class=\"belectric-timeline-item__title\" dir=\"auto\">\r\n                    Bau des gr\u00f6\u00dften Solarparks der Niederlande                <\/div>\r\n                            <\/div>\r\n\t\t<\/div>\r\n\t\t\t        <div class=\"belectric-timeline-wrapper\">\r\n            <div class=\"belectric-timeline-item\">\r\n                <time datetime=\"2024\" class=\"belectric-timeline-item__date\" dir=\"auto\">\r\n                    2024                <\/time>\r\n                                    <img width=\"1500\" height=\"1000\" src=\"https:\/\/belectric.com\/wp-content\/uploads\/2025\/10\/Murcia_Spain.jpg\" class=\"belectric-timeline-item__image\" alt=\"Das BELECTRIC-B\u00fcro in Murcia, Spanien, von au\u00dfen\" decoding=\"async\" loading=\"lazy\" srcset=\"https:\/\/belectric.com\/wp-content\/uploads\/2025\/10\/Murcia_Spain.jpg 1500w, https:\/\/belectric.com\/wp-content\/uploads\/2025\/10\/Murcia_Spain-300x200.jpg 300w, https:\/\/belectric.com\/wp-content\/uploads\/2025\/10\/Murcia_Spain-1024x683.jpg 1024w, https:\/\/belectric.com\/wp-content\/uploads\/2025\/10\/Murcia_Spain-768x512.jpg 768w\" sizes=\"auto, (max-width: 1500px) 100vw, 1500px\" \/>                                <div class=\"belectric-timeline-item__title\" dir=\"auto\">\r\n                    Gr\u00fcndung von BELECTRIC Espa\u00f1a                <\/div>\r\n                            <\/div>\r\n\t\t<\/div>\r\n\t\t\t        <div class=\"belectric-timeline-wrapper\">\r\n            <div class=\"belectric-timeline-item\">\r\n                <time datetime=\"2024\" class=\"belectric-timeline-item__date\" dir=\"auto\">\r\n                    2024                <\/time>\r\n                                    <img width=\"1500\" height=\"1000\" src=\"https:\/\/belectric.com\/wp-content\/uploads\/2025\/10\/5-GW_Borrentin.jpg\" class=\"belectric-timeline-item__image\" alt=\"Der BELECTRIC-Solarpark in Borrentin, Deutschland, von oben\" decoding=\"async\" loading=\"lazy\" srcset=\"https:\/\/belectric.com\/wp-content\/uploads\/2025\/10\/5-GW_Borrentin.jpg 1500w, https:\/\/belectric.com\/wp-content\/uploads\/2025\/10\/5-GW_Borrentin-300x200.jpg 300w, https:\/\/belectric.com\/wp-content\/uploads\/2025\/10\/5-GW_Borrentin-1024x683.jpg 1024w, https:\/\/belectric.com\/wp-content\/uploads\/2025\/10\/5-GW_Borrentin-768x512.jpg 768w\" sizes=\"auto, (max-width: 1500px) 100vw, 1500px\" \/>                                <div class=\"belectric-timeline-item__title\" dir=\"auto\">\r\n                    > 5,0 GW installierte Leistung weltweit                <\/div>\r\n                            <\/div>\r\n\t\t<\/div>\r\n\t\t\t        <div class=\"belectric-timeline-wrapper\">\r\n            <div class=\"belectric-timeline-item\">\r\n                <time datetime=\"2022\" class=\"belectric-timeline-item__date\" dir=\"auto\">\r\n                    2022                <\/time>\r\n                                    <img width=\"1500\" height=\"1000\" src=\"https:\/\/belectric.com\/wp-content\/uploads\/2025\/10\/Daenemark_Ringkobing.jpg\" class=\"belectric-timeline-item__image\" alt=\"Der erste d\u00e4nische Solarpark von BELECTRIC, Ringkobing, fotografiert \u00fcberhalb der Tracker-Module\" decoding=\"async\" loading=\"lazy\" srcset=\"https:\/\/belectric.com\/wp-content\/uploads\/2025\/10\/Daenemark_Ringkobing.jpg 1500w, https:\/\/belectric.com\/wp-content\/uploads\/2025\/10\/Daenemark_Ringkobing-300x200.jpg 300w, https:\/\/belectric.com\/wp-content\/uploads\/2025\/10\/Daenemark_Ringkobing-1024x683.jpg 1024w, https:\/\/belectric.com\/wp-content\/uploads\/2025\/10\/Daenemark_Ringkobing-768x512.jpg 768w\" sizes=\"auto, (max-width: 1500px) 100vw, 1500px\" \/>                                <div class=\"belectric-timeline-item__title\" dir=\"auto\">\r\n                    Eintritt in den d\u00e4nischen Markt                 <\/div>\r\n                            <\/div>\r\n\t\t<\/div>\r\n\t\t\t        <div class=\"belectric-timeline-wrapper\">\r\n            <div class=\"belectric-timeline-item\">\r\n                <time datetime=\"2021\" class=\"belectric-timeline-item__date\" dir=\"auto\">\r\n                    2021                <\/time>\r\n                                    <img width=\"1500\" height=\"1000\" src=\"https:\/\/belectric.com\/wp-content\/uploads\/2025\/10\/Elevion-Group.jpg\" class=\"belectric-timeline-item__image\" alt=\"Unternehmenslogo der Elevion Group\" decoding=\"async\" loading=\"lazy\" srcset=\"https:\/\/belectric.com\/wp-content\/uploads\/2025\/10\/Elevion-Group.jpg 1500w, https:\/\/belectric.com\/wp-content\/uploads\/2025\/10\/Elevion-Group-300x200.jpg 300w, https:\/\/belectric.com\/wp-content\/uploads\/2025\/10\/Elevion-Group-1024x683.jpg 1024w, https:\/\/belectric.com\/wp-content\/uploads\/2025\/10\/Elevion-Group-768x512.jpg 768w\" sizes=\"auto, (max-width: 1500px) 100vw, 1500px\" \/>                                <div class=\"belectric-timeline-item__title\" dir=\"auto\">\r\n                    BELECTRIC wird Teil der Elevion Group                <\/div>\r\n                            <\/div>\r\n\t\t<\/div>\r\n\t\t\t        <div class=\"belectric-timeline-wrapper\">\r\n            <div class=\"belectric-timeline-item\">\r\n                <time datetime=\"2021\" class=\"belectric-timeline-item__date\" dir=\"auto\">\r\n                    2021                <\/time>\r\n                                    <img width=\"1500\" height=\"1000\" src=\"https:\/\/belectric.com\/wp-content\/uploads\/2025\/10\/4-GW_Kolind.jpg\" class=\"belectric-timeline-item__image\" alt=\"Der BELECTRIC-Solarpark in Kolind, D\u00e4nemark, von oben\" decoding=\"async\" loading=\"lazy\" srcset=\"https:\/\/belectric.com\/wp-content\/uploads\/2025\/10\/4-GW_Kolind.jpg 1500w, https:\/\/belectric.com\/wp-content\/uploads\/2025\/10\/4-GW_Kolind-300x200.jpg 300w, https:\/\/belectric.com\/wp-content\/uploads\/2025\/10\/4-GW_Kolind-1024x683.jpg 1024w, https:\/\/belectric.com\/wp-content\/uploads\/2025\/10\/4-GW_Kolind-768x512.jpg 768w\" sizes=\"auto, (max-width: 1500px) 100vw, 1500px\" \/>                                <div class=\"belectric-timeline-item__title\" dir=\"auto\">\r\n                    > 4,0 GWp installierte Leistung weltweit                <\/div>\r\n                            <\/div>\r\n\t\t<\/div>\r\n\t\t\t        <div class=\"belectric-timeline-wrapper\">\r\n            <div class=\"belectric-timeline-item\">\r\n                <time datetime=\"2021\" class=\"belectric-timeline-item__date\" dir=\"auto\">\r\n                    2021                <\/time>\r\n                                    <img width=\"1500\" height=\"1000\" src=\"https:\/\/belectric.com\/wp-content\/uploads\/2025\/10\/Tramm-Goethen.jpg\" class=\"belectric-timeline-item__image\" alt=\"Der gro\u00dffl\u00e4chige BELECTRIC-Solarpark in Tramm-G\u00f6then, Deutschland, von oben\" decoding=\"async\" loading=\"lazy\" srcset=\"https:\/\/belectric.com\/wp-content\/uploads\/2025\/10\/Tramm-Goethen.jpg 1500w, https:\/\/belectric.com\/wp-content\/uploads\/2025\/10\/Tramm-Goethen-300x200.jpg 300w, https:\/\/belectric.com\/wp-content\/uploads\/2025\/10\/Tramm-Goethen-1024x683.jpg 1024w, https:\/\/belectric.com\/wp-content\/uploads\/2025\/10\/Tramm-Goethen-768x512.jpg 768w\" sizes=\"auto, (max-width: 1500px) 100vw, 1500px\" \/>                                <div class=\"belectric-timeline-item__title\" dir=\"auto\">\r\n                    Bau der gr\u00f6\u00dften, unabh\u00e4ngigen PV-Anlage Deutschlands                <\/div>\r\n                            <\/div>\r\n\t\t<\/div>\r\n\t\t\t        <div class=\"belectric-timeline-wrapper\">\r\n            <div class=\"belectric-timeline-item\">\r\n                <time datetime=\"2020\" class=\"belectric-timeline-item__date\" dir=\"auto\">\r\n                    2020                <\/time>\r\n                                    <img width=\"1500\" height=\"1000\" src=\"https:\/\/belectric.com\/wp-content\/uploads\/2025\/10\/3-GW_Tramm-Goethen.jpg\" class=\"belectric-timeline-item__image\" alt=\"Der BELECTRIC-Solarpark in Tramm-G\u00f6then, Deutschland, von oben\" decoding=\"async\" loading=\"lazy\" srcset=\"https:\/\/belectric.com\/wp-content\/uploads\/2025\/10\/3-GW_Tramm-Goethen.jpg 1500w, https:\/\/belectric.com\/wp-content\/uploads\/2025\/10\/3-GW_Tramm-Goethen-300x200.jpg 300w, https:\/\/belectric.com\/wp-content\/uploads\/2025\/10\/3-GW_Tramm-Goethen-1024x683.jpg 1024w, https:\/\/belectric.com\/wp-content\/uploads\/2025\/10\/3-GW_Tramm-Goethen-768x512.jpg 768w\" sizes=\"auto, (max-width: 1500px) 100vw, 1500px\" \/>                                <div class=\"belectric-timeline-item__title\" dir=\"auto\">\r\n                    > 3,0 GWp installierte Leistung weltweit                <\/div>\r\n                            <\/div>\r\n\t\t<\/div>\r\n\t\t\t        <div class=\"belectric-timeline-wrapper\">\r\n            <div class=\"belectric-timeline-item\">\r\n                <time datetime=\"2020\" class=\"belectric-timeline-item__date\" dir=\"auto\">\r\n                    2020                <\/time>\r\n                                    <img width=\"1500\" height=\"1000\" src=\"https:\/\/belectric.com\/wp-content\/uploads\/2025\/10\/RWE-Renewables.jpg\" class=\"belectric-timeline-item__image\" alt=\"Unternehmenslogo von RWE mit dem Slogan &quot;A global player in renewable energy&quot;\" decoding=\"async\" loading=\"lazy\" srcset=\"https:\/\/belectric.com\/wp-content\/uploads\/2025\/10\/RWE-Renewables.jpg 1500w, https:\/\/belectric.com\/wp-content\/uploads\/2025\/10\/RWE-Renewables-300x200.jpg 300w, https:\/\/belectric.com\/wp-content\/uploads\/2025\/10\/RWE-Renewables-1024x683.jpg 1024w, https:\/\/belectric.com\/wp-content\/uploads\/2025\/10\/RWE-Renewables-768x512.jpg 768w\" sizes=\"auto, (max-width: 1500px) 100vw, 1500px\" \/>                                <div class=\"belectric-timeline-item__title\" dir=\"auto\">\r\n                    BELECTRIC wird Teil von RWE Renewables                <\/div>\r\n                            <\/div>\r\n\t\t<\/div>\r\n\t\t\t        <div class=\"belectric-timeline-wrapper\">\r\n            <div class=\"belectric-timeline-item\">\r\n                <time datetime=\"2020\" class=\"belectric-timeline-item__date\" dir=\"auto\">\r\n                    2020                <\/time>\r\n                                    <img width=\"1500\" height=\"1000\" src=\"https:\/\/belectric.com\/wp-content\/uploads\/2025\/10\/Emek_Floating-PV.jpg\" class=\"belectric-timeline-item__image\" alt=\"Eine schwimmende Photovoltaik-Anlage auf einem See\" decoding=\"async\" loading=\"lazy\" srcset=\"https:\/\/belectric.com\/wp-content\/uploads\/2025\/10\/Emek_Floating-PV.jpg 1500w, https:\/\/belectric.com\/wp-content\/uploads\/2025\/10\/Emek_Floating-PV-300x200.jpg 300w, https:\/\/belectric.com\/wp-content\/uploads\/2025\/10\/Emek_Floating-PV-1024x683.jpg 1024w, https:\/\/belectric.com\/wp-content\/uploads\/2025\/10\/Emek_Floating-PV-768x512.jpg 768w\" sizes=\"auto, (max-width: 1500px) 100vw, 1500px\" \/>                                <div class=\"belectric-timeline-item__title\" dir=\"auto\">\r\n                    Bau unserer ersten Floating PV-Anlage in Israel                <\/div>\r\n                            <\/div>\r\n\t\t<\/div>\r\n\t\t\t        <div class=\"belectric-timeline-wrapper\">\r\n            <div class=\"belectric-timeline-item\">\r\n                <time datetime=\"2018\" class=\"belectric-timeline-item__date\" dir=\"auto\">\r\n                    2018                <\/time>\r\n                                    <img width=\"1500\" height=\"1000\" src=\"https:\/\/belectric.com\/wp-content\/uploads\/2025\/10\/Limondale_Australien.jpg\" class=\"belectric-timeline-item__image\" alt=\"Der gro\u00dffl\u00e4chige Solarpark Limondale in Australien von oben\" decoding=\"async\" loading=\"lazy\" srcset=\"https:\/\/belectric.com\/wp-content\/uploads\/2025\/10\/Limondale_Australien.jpg 1500w, https:\/\/belectric.com\/wp-content\/uploads\/2025\/10\/Limondale_Australien-300x200.jpg 300w, https:\/\/belectric.com\/wp-content\/uploads\/2025\/10\/Limondale_Australien-1024x683.jpg 1024w, https:\/\/belectric.com\/wp-content\/uploads\/2025\/10\/Limondale_Australien-768x512.jpg 768w\" sizes=\"auto, (max-width: 1500px) 100vw, 1500px\" \/>                                <div class=\"belectric-timeline-item__title\" dir=\"auto\">\r\n                    Bau des gr\u00f6\u00dften Solarkraftwerks in Australien                <\/div>\r\n                            <\/div>\r\n\t\t<\/div>\r\n\t\t\t        <div class=\"belectric-timeline-wrapper\">\r\n            <div class=\"belectric-timeline-item\">\r\n                <time datetime=\"2017\" class=\"belectric-timeline-item__date\" dir=\"auto\">\r\n                    2017                <\/time>\r\n                                    <img width=\"1500\" height=\"1000\" src=\"https:\/\/belectric.com\/wp-content\/uploads\/2025\/10\/innogy.jpg\" class=\"belectric-timeline-item__image\" alt=\"Unternehmenslogo der innogy mit der Farbe blau im Hintergrund\" decoding=\"async\" loading=\"lazy\" srcset=\"https:\/\/belectric.com\/wp-content\/uploads\/2025\/10\/innogy.jpg 1500w, https:\/\/belectric.com\/wp-content\/uploads\/2025\/10\/innogy-300x200.jpg 300w, https:\/\/belectric.com\/wp-content\/uploads\/2025\/10\/innogy-1024x683.jpg 1024w, https:\/\/belectric.com\/wp-content\/uploads\/2025\/10\/innogy-768x512.jpg 768w\" sizes=\"auto, (max-width: 1500px) 100vw, 1500px\" \/>                                <div class=\"belectric-timeline-item__title\" dir=\"auto\">\r\n                    BELECTRIC wird Teil von innogy                <\/div>\r\n                            <\/div>\r\n\t\t<\/div>\r\n\t\t\t        <div class=\"belectric-timeline-wrapper\">\r\n            <div class=\"belectric-timeline-item\">\r\n                <time datetime=\"2014\" class=\"belectric-timeline-item__date\" dir=\"auto\">\r\n                    2014                <\/time>\r\n                                    <img width=\"1500\" height=\"1000\" src=\"https:\/\/belectric.com\/wp-content\/uploads\/2025\/10\/Battery-Storage.jpg\" class=\"belectric-timeline-item__image\" alt=\"Ein wei\u00dfer Container mit dem Text BELECTRIC Battery Storage Lion EBU\" decoding=\"async\" loading=\"lazy\" srcset=\"https:\/\/belectric.com\/wp-content\/uploads\/2025\/10\/Battery-Storage.jpg 1500w, https:\/\/belectric.com\/wp-content\/uploads\/2025\/10\/Battery-Storage-300x200.jpg 300w, https:\/\/belectric.com\/wp-content\/uploads\/2025\/10\/Battery-Storage-1024x683.jpg 1024w, https:\/\/belectric.com\/wp-content\/uploads\/2025\/10\/Battery-Storage-768x512.jpg 768w\" sizes=\"auto, (max-width: 1500px) 100vw, 1500px\" \/>                                <div class=\"belectric-timeline-item__title\" dir=\"auto\">\r\n                    Bau unseres ersten Energiespeichersystems                 <\/div>\r\n                            <\/div>\r\n\t\t<\/div>\r\n\t\t\t        <div class=\"belectric-timeline-wrapper\">\r\n            <div class=\"belectric-timeline-item\">\r\n                <time datetime=\"2013\" class=\"belectric-timeline-item__date\" dir=\"auto\">\r\n                    2013                <\/time>\r\n                                    <img width=\"1500\" height=\"1000\" src=\"https:\/\/belectric.com\/wp-content\/uploads\/2025\/10\/Intersolar-Award_Templin.jpg\" class=\"belectric-timeline-item__image\" alt=\"Der gro\u00dffl\u00e4chige BELECTRIC-Solarpark in Templin, Deutschland, von oben in Mitten eines Waldes\" decoding=\"async\" loading=\"lazy\" srcset=\"https:\/\/belectric.com\/wp-content\/uploads\/2025\/10\/Intersolar-Award_Templin.jpg 1500w, https:\/\/belectric.com\/wp-content\/uploads\/2025\/10\/Intersolar-Award_Templin-300x200.jpg 300w, https:\/\/belectric.com\/wp-content\/uploads\/2025\/10\/Intersolar-Award_Templin-1024x683.jpg 1024w, https:\/\/belectric.com\/wp-content\/uploads\/2025\/10\/Intersolar-Award_Templin-768x512.jpg 768w\" sizes=\"auto, (max-width: 1500px) 100vw, 1500px\" \/>                                <div class=\"belectric-timeline-item__title\" dir=\"auto\">\r\n                    Intersolar Award f\u00fcr Templin, das gr\u00f6\u00dfte D\u00fcnnschicht-Solarkraftwerk Europas                <\/div>\r\n                            <\/div>\r\n\t\t<\/div>\r\n\t\t\t        <div class=\"belectric-timeline-wrapper\">\r\n            <div class=\"belectric-timeline-item\">\r\n                <time datetime=\"2012\" class=\"belectric-timeline-item__date\" dir=\"auto\">\r\n                    2012                <\/time>\r\n                                    <img width=\"1500\" height=\"1000\" src=\"https:\/\/belectric.com\/wp-content\/uploads\/2025\/10\/1-GW_Templin.jpg\" class=\"belectric-timeline-item__image\" alt=\"Der BELECTRIC-Solarpark in Templin, Deutschland, von oben\" decoding=\"async\" loading=\"lazy\" srcset=\"https:\/\/belectric.com\/wp-content\/uploads\/2025\/10\/1-GW_Templin.jpg 1500w, https:\/\/belectric.com\/wp-content\/uploads\/2025\/10\/1-GW_Templin-300x200.jpg 300w, https:\/\/belectric.com\/wp-content\/uploads\/2025\/10\/1-GW_Templin-1024x683.jpg 1024w, https:\/\/belectric.com\/wp-content\/uploads\/2025\/10\/1-GW_Templin-768x512.jpg 768w\" sizes=\"auto, (max-width: 1500px) 100vw, 1500px\" \/>                                <div class=\"belectric-timeline-item__title\" dir=\"auto\">\r\n                    Meilenstein von 1 GWp installierter Leistung weltweit                <\/div>\r\n                            <\/div>\r\n\t\t<\/div>\r\n\t\t\t        <div class=\"belectric-timeline-wrapper\">\r\n            <div class=\"belectric-timeline-item\">\r\n                <time datetime=\"2011\" class=\"belectric-timeline-item__date\" dir=\"auto\">\r\n                    2011                <\/time>\r\n                                    <img width=\"699\" height=\"466\" src=\"https:\/\/belectric.com\/wp-content\/uploads\/2025\/10\/BELECTRIC_2011.png\" class=\"belectric-timeline-item__image\" alt=\"BELECTRIC&#039;s Kolitzheim Office from above\" decoding=\"async\" loading=\"lazy\" srcset=\"https:\/\/belectric.com\/wp-content\/uploads\/2025\/10\/BELECTRIC_2011.png 699w, https:\/\/belectric.com\/wp-content\/uploads\/2025\/10\/BELECTRIC_2011-300x200.png 300w\" sizes=\"auto, (max-width: 699px) 100vw, 699px\" \/>                                <div class=\"belectric-timeline-item__title\" dir=\"auto\">\r\n                    Firmierung unter der Dachmarke BELECTRIC                <\/div>\r\n                            <\/div>\r\n\t\t<\/div>\r\n\t\t\t        <div class=\"belectric-timeline-wrapper\">\r\n            <div class=\"belectric-timeline-item\">\r\n                <time datetime=\"2010\" class=\"belectric-timeline-item__date\" dir=\"auto\">\r\n                    2010                <\/time>\r\n                                    <img width=\"1500\" height=\"999\" src=\"https:\/\/belectric.com\/wp-content\/uploads\/2025\/10\/Omer_Israel.jpg\" class=\"belectric-timeline-item__image\" alt=\"Das BELECTRIC-B\u00fcro in Omer, Israel, von au\u00dfen\" decoding=\"async\" loading=\"lazy\" srcset=\"https:\/\/belectric.com\/wp-content\/uploads\/2025\/10\/Omer_Israel.jpg 1500w, https:\/\/belectric.com\/wp-content\/uploads\/2025\/10\/Omer_Israel-300x200.jpg 300w, https:\/\/belectric.com\/wp-content\/uploads\/2025\/10\/Omer_Israel-1024x682.jpg 1024w, https:\/\/belectric.com\/wp-content\/uploads\/2025\/10\/Omer_Israel-768x511.jpg 768w\" sizes=\"auto, (max-width: 1500px) 100vw, 1500px\" \/>                                <div class=\"belectric-timeline-item__title\" dir=\"auto\">\r\n                    BELECTRIC Israel wird gegr\u00fcndet                <\/div>\r\n                            <\/div>\r\n\t\t<\/div>\r\n\t\t\t        <div class=\"belectric-timeline-wrapper\">\r\n            <div class=\"belectric-timeline-item\">\r\n                <time datetime=\"2010\" class=\"belectric-timeline-item__date\" dir=\"auto\">\r\n                    2010                <\/time>\r\n                                    <img width=\"1500\" height=\"1000\" src=\"https:\/\/belectric.com\/wp-content\/uploads\/2025\/10\/Brinkworth_UK.jpg\" class=\"belectric-timeline-item__image\" alt=\"Das BELECTRIC-B\u00fcro in Brinkworth, UK von au\u00dfen bei Sonnenuntergang\" decoding=\"async\" loading=\"lazy\" srcset=\"https:\/\/belectric.com\/wp-content\/uploads\/2025\/10\/Brinkworth_UK.jpg 1500w, https:\/\/belectric.com\/wp-content\/uploads\/2025\/10\/Brinkworth_UK-300x200.jpg 300w, https:\/\/belectric.com\/wp-content\/uploads\/2025\/10\/Brinkworth_UK-1024x683.jpg 1024w, https:\/\/belectric.com\/wp-content\/uploads\/2025\/10\/Brinkworth_UK-768x512.jpg 768w\" sizes=\"auto, (max-width: 1500px) 100vw, 1500px\" \/>                                <div class=\"belectric-timeline-item__title\" dir=\"auto\">\r\n                    Gr\u00fcndung von BELECTRIC Solar Ltd. in UK                <\/div>\r\n                            <\/div>\r\n\t\t<\/div>\r\n\t\t\t        <div class=\"belectric-timeline-wrapper\">\r\n            <div class=\"belectric-timeline-item\">\r\n                <time datetime=\"2009\" class=\"belectric-timeline-item__date\" dir=\"auto\">\r\n                    2009                <\/time>\r\n                                    <img width=\"1500\" height=\"1000\" src=\"https:\/\/belectric.com\/wp-content\/uploads\/2025\/10\/Vendres_France.jpg\" class=\"belectric-timeline-item__image\" alt=\"Das BELECTRIC-B\u00fcro in Vendres, France, von au\u00dfen\" decoding=\"async\" loading=\"lazy\" srcset=\"https:\/\/belectric.com\/wp-content\/uploads\/2025\/10\/Vendres_France.jpg 1500w, https:\/\/belectric.com\/wp-content\/uploads\/2025\/10\/Vendres_France-300x200.jpg 300w, https:\/\/belectric.com\/wp-content\/uploads\/2025\/10\/Vendres_France-1024x683.jpg 1024w, https:\/\/belectric.com\/wp-content\/uploads\/2025\/10\/Vendres_France-768x512.jpg 768w\" sizes=\"auto, (max-width: 1500px) 100vw, 1500px\" \/>                                <div class=\"belectric-timeline-item__title\" dir=\"auto\">\r\n                    BELECTRIC France entsteht                <\/div>\r\n                            <\/div>\r\n\t\t<\/div>\r\n\t\t\t        <div class=\"belectric-timeline-wrapper\">\r\n            <div class=\"belectric-timeline-item\">\r\n                <time datetime=\"2009\" class=\"belectric-timeline-item__date\" dir=\"auto\">\r\n                    2009                <\/time>\r\n                                    <img width=\"1500\" height=\"1000\" src=\"https:\/\/belectric.com\/wp-content\/uploads\/2025\/10\/Latina_Italy.jpg\" class=\"belectric-timeline-item__image\" alt=\"Das BELECTRIC-B\u00fcro in Latina, Italien, von au\u00dfen\" decoding=\"async\" loading=\"lazy\" srcset=\"https:\/\/belectric.com\/wp-content\/uploads\/2025\/10\/Latina_Italy.jpg 1500w, https:\/\/belectric.com\/wp-content\/uploads\/2025\/10\/Latina_Italy-300x200.jpg 300w, https:\/\/belectric.com\/wp-content\/uploads\/2025\/10\/Latina_Italy-1024x683.jpg 1024w, https:\/\/belectric.com\/wp-content\/uploads\/2025\/10\/Latina_Italy-768x512.jpg 768w\" sizes=\"auto, (max-width: 1500px) 100vw, 1500px\" \/>                                <div class=\"belectric-timeline-item__title\" dir=\"auto\">\r\n                    Gr\u00fcndung der BELECTRIC Italia                <\/div>\r\n                            <\/div>\r\n\t\t<\/div>\r\n\t\t\t        <div class=\"belectric-timeline-wrapper\">\r\n            <div class=\"belectric-timeline-item\">\r\n                <time datetime=\"2005\" class=\"belectric-timeline-item__date\" dir=\"auto\">\r\n                    2005                <\/time>\r\n                                    <img width=\"1500\" height=\"1000\" src=\"https:\/\/belectric.com\/wp-content\/uploads\/2025\/10\/Versiegelung.jpg\" class=\"belectric-timeline-item__image\" alt=\"Geringe Fl\u00e4chenversiegelung am Beispiel eines Solarparks, auf dem viele Wildblumen wachsen\" decoding=\"async\" loading=\"lazy\" srcset=\"https:\/\/belectric.com\/wp-content\/uploads\/2025\/10\/Versiegelung.jpg 1500w, https:\/\/belectric.com\/wp-content\/uploads\/2025\/10\/Versiegelung-300x200.jpg 300w, https:\/\/belectric.com\/wp-content\/uploads\/2025\/10\/Versiegelung-1024x683.jpg 1024w, https:\/\/belectric.com\/wp-content\/uploads\/2025\/10\/Versiegelung-768x512.jpg 768w\" sizes=\"auto, (max-width: 1500px) 100vw, 1500px\" \/>                                <div class=\"belectric-timeline-item__title\" dir=\"auto\">\r\n                    Optimierung f\u00fcr niedrigste Bodenversiegelung                <\/div>\r\n                            <\/div>\r\n\t\t<\/div>\r\n\t\t\t        <div class=\"belectric-timeline-wrapper\">\r\n            <div class=\"belectric-timeline-item\">\r\n                <time datetime=\"2001\" class=\"belectric-timeline-item__date\" dir=\"auto\">\r\n                    2001                <\/time>\r\n                                    <img width=\"1500\" height=\"1084\" src=\"https:\/\/belectric.com\/wp-content\/uploads\/2024\/08\/company-headquarter-kolitzheim.jpg\" class=\"belectric-timeline-item__image\" alt=\"headquarters of BELECTRIC in Kolitzheim, seen from above\" decoding=\"async\" loading=\"lazy\" srcset=\"https:\/\/belectric.com\/wp-content\/uploads\/2024\/08\/company-headquarter-kolitzheim.jpg 1500w, https:\/\/belectric.com\/wp-content\/uploads\/2024\/08\/company-headquarter-kolitzheim-300x217.jpg 300w, https:\/\/belectric.com\/wp-content\/uploads\/2024\/08\/company-headquarter-kolitzheim-1024x740.jpg 1024w, https:\/\/belectric.com\/wp-content\/uploads\/2024\/08\/company-headquarter-kolitzheim-768x555.jpg 768w\" sizes=\"auto, (max-width: 1500px) 100vw, 1500px\" \/>                                <div class=\"belectric-timeline-item__title\" dir=\"auto\">\r\n                    Beginn unserer Geschichte mit Beck Energy, S&#038;F Umwelttechnik &#038; Blitzstrom                <\/div>\r\n                            <\/div>\r\n\t\t<\/div>\r\n\t<\/div>\r\n\n\n\n<div style=\"height:100px\" aria-hidden=\"true\" class=\"wp-block-spacer\"><\/div>\n\n\n\n<figure class=\"wp-block-embed aligncenter is-type-video is-provider-youtube wp-block-embed-youtube wp-embed-aspect-16-9 wp-has-aspect-ratio\"><div class=\"wp-block-embed__wrapper\">\n <div class=\"brlbs-cmpnt-container brlbs-cmpnt-content-blocker brlbs-cmpnt-with-individual-styles\" data-borlabs-cookie-content-blocker-id=\"youtube-content-blocker\" data-borlabs-cookie-content=\"PGlmcmFtZSB0aXRsZT0iV2VsdCBkZXIgV3VuZGVyIEZlYXR1cmU6IEJFTEVDVFJJQyIgd2lkdGg9IjUwMCIgaGVpZ2h0PSIyODEiIHNyYz0iaHR0cHM6Ly93d3cueW91dHViZS1ub2Nvb2tpZS5jb20vZW1iZWQva28wcWpoZS1Oekk\/ZmVhdHVyZT1vZW1iZWQiIGZyYW1lYm9yZGVyPSIwIiBhbGxvdz0iYWNjZWxlcm9tZXRlcjsgYXV0b3BsYXk7IGNsaXBib2FyZC13cml0ZTsgZW5jcnlwdGVkLW1lZGlhOyBneXJvc2NvcGU7IHBpY3R1cmUtaW4tcGljdHVyZTsgd2ViLXNoYXJlIiByZWZlcnJlcnBvbGljeT0ic3RyaWN0LW9yaWdpbi13aGVuLWNyb3NzLW9yaWdpbiIgYWxsb3dmdWxsc2NyZWVuPjwvaWZyYW1lPg==\"><div class=\"brlbs-cmpnt-cb-preset-c brlbs-cmpnt-cb-youtube\"> <div class=\"brlbs-cmpnt-cb-thumbnail\" style=\"background-image: url('https:\/\/belectric.com\/wp-content\/uploads\/borlabs-cookie\/1\/yt_ko0qjhe-NzI_hqdefault.jpg')\"><\/div> <div class=\"brlbs-cmpnt-cb-main\"> <div class=\"brlbs-cmpnt-cb-play-button\"><\/div> <div class=\"brlbs-cmpnt-cb-content\"> <p class=\"brlbs-cmpnt-cb-description\">Sie sehen gerade einen Platzhalterinhalt von <strong>YouTube<\/strong>. Um auf den eigentlichen Inhalt zuzugreifen, klicken Sie auf die Schaltfl\u00e4che unten. Bitte beachten Sie, dass dabei Daten an Drittanbieter weitergegeben werden.<\/p> <a class=\"brlbs-cmpnt-cb-provider-toggle\" href=\"#\" data-borlabs-cookie-show-provider-information role=\"button\">Mehr Informationen<\/a> <\/div> <div class=\"brlbs-cmpnt-cb-buttons\"> <a class=\"brlbs-cmpnt-cb-btn\" href=\"#\" data-borlabs-cookie-unblock role=\"button\">Inhalt entsperren<\/a> <a class=\"brlbs-cmpnt-cb-btn\" href=\"#\" data-borlabs-cookie-accept-service role=\"button\" style=\"display: inherit\">Erforderlichen Service akzeptieren und Inhalte entsperren<\/a> <\/div> <\/div> <\/div><\/div>\n<\/div><\/figure>\n\n\n\n<div style=\"height:100px\" aria-hidden=\"true\" class=\"wp-block-spacer\"><\/div>\n\n\n\n<div class=\"wp-block-group alignfull has-light-grey-background-color has-background has-global-padding is-layout-constrained wp-block-group-is-layout-constrained\">\n<div class=\"wp-block-columns is-layout-flex wp-container-core-columns-is-layout-d64f3748 wp-block-columns-is-layout-flex\" style=\"margin-top:0;margin-bottom:0;padding-top:var(--wp--preset--spacing--60);padding-right:0;padding-bottom:var(--wp--preset--spacing--60);padding-left:0\">\n<div class=\"wp-block-column is-layout-flow wp-block-column-is-layout-flow\">\n<figure class=\"wp-block-gallery has-nested-images columns-default is-cropped wp-block-gallery-1 is-layout-flex wp-block-gallery-is-layout-flex\">\n<figure class=\"wp-block-image size-large\"><img loading=\"lazy\" decoding=\"async\" width=\"1024\" height=\"683\" data-id=\"14830\" src=\"https:\/\/belectric.com\/wp-content\/uploads\/2025\/10\/BELECTRIC_Teamspirit-1024x683.jpg\" alt=\"Four BELECTRIC electricians walk across a solar farm, arms around one another\" class=\"wp-image-14830\" srcset=\"https:\/\/belectric.com\/wp-content\/uploads\/2025\/10\/BELECTRIC_Teamspirit-1024x683.jpg 1024w, https:\/\/belectric.com\/wp-content\/uploads\/2025\/10\/BELECTRIC_Teamspirit-300x200.jpg 300w, https:\/\/belectric.com\/wp-content\/uploads\/2025\/10\/BELECTRIC_Teamspirit-768x512.jpg 768w, https:\/\/belectric.com\/wp-content\/uploads\/2025\/10\/BELECTRIC_Teamspirit.jpg 1500w\" sizes=\"auto, (max-width: 1024px) 100vw, 1024px\" \/><\/figure>\n<\/figure>\n<\/div>\n\n\n\n<div class=\"wp-block-column is-layout-flow wp-block-column-is-layout-flow\">\n<figure class=\"wp-block-image aligncenter size-full is-resized\"><img loading=\"lazy\" decoding=\"async\" width=\"1000\" height=\"1000\" src=\"https:\/\/belectric.com\/wp-content\/uploads\/2024\/07\/BEL_Icon_Partnerschaft-Screen_pos.png\" alt=\"A red and yellow icon showing two hands that shake\" class=\"wp-image-2911\" style=\"width:100px\" srcset=\"https:\/\/belectric.com\/wp-content\/uploads\/2024\/07\/BEL_Icon_Partnerschaft-Screen_pos.png 1000w, https:\/\/belectric.com\/wp-content\/uploads\/2024\/07\/BEL_Icon_Partnerschaft-Screen_pos-300x300.png 300w, https:\/\/belectric.com\/wp-content\/uploads\/2024\/07\/BEL_Icon_Partnerschaft-Screen_pos-768x768.png 768w\" sizes=\"auto, (max-width: 1000px) 100vw, 1000px\" \/><\/figure>\n\n\n\n<h3 class=\"wp-block-heading has-text-align-center has-primary-color has-text-color has-link-color wp-elements-9077b753375e1cad73dc1db918ab729b\">Danke f\u00fcr 25 Jahre!<\/h3>\n\n\n\n<h4 class=\"wp-block-heading has-text-align-center has-secondary-color has-text-color has-link-color wp-elements-e6ecb975c4bfaaab7fc99c52e74db01f\"><div class=\"wpb_text_column wpb_content_element\" style=\"box-sizing: border-box; margin-bottom: 35px; color: rgb(96, 96, 91); font-family: Clan, &quot;Open Sans&quot;, &quot;sans-serif&quot;; font-size: 16px; font-weight: 300; text-align: start; white-space-collapse: collapse;\"><div class=\"wpb_wrapper\" style=\"box-sizing: border-box; margin-bottom: 0px;\"><\/div><div class=\"wpb_wrapper\" style=\"box-sizing: border-box; margin-bottom: 0px;\"><\/div><\/div><\/h4>\n\n\n\n<p class=\"has-text-align-left\">Erfolg ist nie das Werk Einzelner, sondern das Ergebnis gemeinsamer Schaffenskraft. Wir <strong>bedanken <\/strong>uns bei allen, die an unserer Erfolgsgeschichte mitgeschrieben haben \u2013 ob <strong>Mitarbeitende, Kunden oder Gesch\u00e4ftspartner.<\/strong> Gemeinsam blicken wir mit Stolz zur\u00fcck \u2013 und mit frischer Energie nach vorn. Denn wir haben noch jede Menge Zukunft f\u00fcr Sie drin.<\/p>\n\n\n\n<p class=\"has-text-align-left\">Feiern Sie 25. Jubil\u00e4um und f\u00fcnf Jahre in der Elevion Group mit dem <strong>Offiziellen Partner der Sonne<\/strong>: BELECTRIC!<\/p>\n<\/div>\n<\/div>\n<\/div>\n","protected":false},"excerpt":{"rendered":"<p>Anfang der 2000er galt Solarenergie als teuer und wenig effizient. Doch 2001 entstand BELECTRIC mit einem Ziel: Die bislang teuerste erneuerbare Energiequelle sollte zur g\u00fcnstigsten werden. Diese Herausforderung nahm die Beck Energy GmbH gemeinsam mit den Gesellschaften S&amp;F Umwelttechnik GmbH und Blitzstrom GmbH an. Im Jahr 2011 vereinten die drei Unternehmen ihre Kr\u00e4fte \u2013 daraus&#8230;<\/p>\n","protected":false},"author":4,"featured_media":0,"parent":1330,"menu_order":0,"comment_status":"closed","ping_status":"closed","template":"","meta":{"_acf_changed":false,"footnotes":""},"class_list":["post-14792","page","type-page","status-publish","hentry"],"acf":[],"yoast_head":"<!-- This site is optimized with the Yoast SEO plugin v27.4 - https:\/\/yoast.com\/product\/yoast-seo-wordpress\/ -->\n<title>25 Jahre offizieller Partner der Sonne von BELECTRIC - BELECTRIC<\/title>\n<meta name=\"description\" content=\"2026 feiert BELECTRIC sein 25-j\u00e4hriges Jubil\u00e4um. Das Unternehmen wurde 2001 gegr\u00fcndet und geh\u00f6rt heute zu den f\u00fchrenden PV und BESS Unternehmen in Europa.\" \/>\n<meta name=\"robots\" content=\"index, follow, max-snippet:-1, max-image-preview:large, max-video-preview:-1\" \/>\n<link rel=\"canonical\" href=\"https:\/\/belectric.com\/de\/unternehmen\/25-jahre-belectric\/\" \/>\n<meta property=\"og:locale\" content=\"de_DE\" \/>\n<meta property=\"og:type\" content=\"article\" \/>\n<meta property=\"og:title\" content=\"25 Jahre offizieller Partner der Sonne von BELECTRIC - BELECTRIC\" \/>\n<meta property=\"og:description\" content=\"2026 feiert BELECTRIC sein 25-j\u00e4hriges Jubil\u00e4um. Das Unternehmen wurde 2001 gegr\u00fcndet und geh\u00f6rt heute zu den f\u00fchrenden PV und BESS Unternehmen in Europa.\" \/>\n<meta property=\"og:url\" content=\"https:\/\/belectric.com\/de\/unternehmen\/25-jahre-belectric\/\" \/>\n<meta property=\"og:site_name\" content=\"BELECTRIC\" \/>\n<meta property=\"article:publisher\" content=\"https:\/\/www.facebook.com\/belectric.solar\/\" \/>\n<meta property=\"article:modified_time\" content=\"2026-04-16T11:07:15+00:00\" \/>\n<meta property=\"og:image\" content=\"https:\/\/belectric.com\/wp-content\/uploads\/2025\/10\/BELECTRIC_Teamspirit-1024x683.jpg\" \/>\n<meta name=\"twitter:card\" content=\"summary_large_image\" \/>\n<meta name=\"twitter:label1\" content=\"Gesch\u00e4tzte Lesezeit\" \/>\n\t<meta name=\"twitter:data1\" content=\"2\u00a0Minuten\" \/>\n<script type=\"application\/ld+json\" class=\"yoast-schema-graph\">{\"@context\":\"https:\\\/\\\/schema.org\",\"@graph\":[{\"@type\":\"WebPage\",\"@id\":\"https:\\\/\\\/belectric.com\\\/de\\\/unternehmen\\\/25-jahre-belectric\\\/\",\"url\":\"https:\\\/\\\/belectric.com\\\/de\\\/unternehmen\\\/25-jahre-belectric\\\/\",\"name\":\"25 Jahre offizieller Partner der Sonne von BELECTRIC - BELECTRIC\",\"isPartOf\":{\"@id\":\"https:\\\/\\\/belectric.com\\\/de\\\/#website\"},\"primaryImageOfPage\":{\"@id\":\"https:\\\/\\\/belectric.com\\\/de\\\/unternehmen\\\/25-jahre-belectric\\\/#primaryimage\"},\"image\":{\"@id\":\"https:\\\/\\\/belectric.com\\\/de\\\/unternehmen\\\/25-jahre-belectric\\\/#primaryimage\"},\"thumbnailUrl\":\"https:\\\/\\\/belectric.com\\\/wp-content\\\/uploads\\\/2025\\\/10\\\/BELECTRIC_Teamspirit-1024x683.jpg\",\"datePublished\":\"2025-11-19T14:55:20+00:00\",\"dateModified\":\"2026-04-16T11:07:15+00:00\",\"description\":\"2026 feiert BELECTRIC sein 25-j\u00e4hriges Jubil\u00e4um. Das Unternehmen wurde 2001 gegr\u00fcndet und geh\u00f6rt heute zu den f\u00fchrenden PV und BESS Unternehmen in Europa.\",\"breadcrumb\":{\"@id\":\"https:\\\/\\\/belectric.com\\\/de\\\/unternehmen\\\/25-jahre-belectric\\\/#breadcrumb\"},\"inLanguage\":\"de\",\"potentialAction\":[{\"@type\":\"ReadAction\",\"target\":[\"https:\\\/\\\/belectric.com\\\/de\\\/unternehmen\\\/25-jahre-belectric\\\/\"]}]},{\"@type\":\"ImageObject\",\"inLanguage\":\"de\",\"@id\":\"https:\\\/\\\/belectric.com\\\/de\\\/unternehmen\\\/25-jahre-belectric\\\/#primaryimage\",\"url\":\"https:\\\/\\\/belectric.com\\\/wp-content\\\/uploads\\\/2025\\\/10\\\/BELECTRIC_Teamspirit-1024x683.jpg\",\"contentUrl\":\"https:\\\/\\\/belectric.com\\\/wp-content\\\/uploads\\\/2025\\\/10\\\/BELECTRIC_Teamspirit-1024x683.jpg\"},{\"@type\":\"BreadcrumbList\",\"@id\":\"https:\\\/\\\/belectric.com\\\/de\\\/unternehmen\\\/25-jahre-belectric\\\/#breadcrumb\",\"itemListElement\":[{\"@type\":\"ListItem\",\"position\":1,\"name\":\"Startseite\",\"item\":\"https:\\\/\\\/belectric.com\\\/de\\\/\"},{\"@type\":\"ListItem\",\"position\":2,\"name\":\"Unternehmen\",\"item\":\"https:\\\/\\\/belectric.com\\\/de\\\/unternehmen\\\/\"},{\"@type\":\"ListItem\",\"position\":3,\"name\":\"25 Jahre offizieller Partner der Sonne\"}]},{\"@type\":\"WebSite\",\"@id\":\"https:\\\/\\\/belectric.com\\\/de\\\/#website\",\"url\":\"https:\\\/\\\/belectric.com\\\/de\\\/\",\"name\":\"BELECTRIC\",\"description\":\"360\u00b0 solution for ground-mounted solar power plants\",\"publisher\":{\"@id\":\"https:\\\/\\\/belectric.com\\\/de\\\/#organization\"},\"potentialAction\":[{\"@type\":\"SearchAction\",\"target\":{\"@type\":\"EntryPoint\",\"urlTemplate\":\"https:\\\/\\\/belectric.com\\\/de\\\/?s={search_term_string}\"},\"query-input\":{\"@type\":\"PropertyValueSpecification\",\"valueRequired\":true,\"valueName\":\"search_term_string\"}}],\"inLanguage\":\"de\"},{\"@type\":\"Organization\",\"@id\":\"https:\\\/\\\/belectric.com\\\/de\\\/#organization\",\"name\":\"BELECTRIC\",\"url\":\"https:\\\/\\\/belectric.com\\\/de\\\/\",\"logo\":{\"@type\":\"ImageObject\",\"inLanguage\":\"de\",\"@id\":\"https:\\\/\\\/belectric.com\\\/de\\\/#\\\/schema\\\/logo\\\/image\\\/\",\"url\":\"https:\\\/\\\/belectric.com\\\/wp-content\\\/uploads\\\/2023\\\/09\\\/belectric_member_logo_rgb.svg\",\"contentUrl\":\"https:\\\/\\\/belectric.com\\\/wp-content\\\/uploads\\\/2023\\\/09\\\/belectric_member_logo_rgb.svg\",\"width\":805,\"height\":100,\"caption\":\"BELECTRIC\"},\"image\":{\"@id\":\"https:\\\/\\\/belectric.com\\\/de\\\/#\\\/schema\\\/logo\\\/image\\\/\"},\"sameAs\":[\"https:\\\/\\\/www.facebook.com\\\/belectric.solar\\\/\",\"https:\\\/\\\/www.xing.com\\\/pages\\\/belectric\",\"https:\\\/\\\/www.linkedin.com\\\/company\\\/belectric-gmbh\\\/\",\"https:\\\/\\\/www.instagram.com\\\/belectric_solar\\\/\",\"https:\\\/\\\/www.youtube.com\\\/@BELECTRIC_GmbH\\\/videos\"]}]}<\/script>\n<!-- \/ Yoast SEO plugin. -->","yoast_head_json":{"title":"25 Jahre offizieller Partner der Sonne von BELECTRIC - BELECTRIC","description":"2026 feiert BELECTRIC sein 25-j\u00e4hriges Jubil\u00e4um. Das Unternehmen wurde 2001 gegr\u00fcndet und geh\u00f6rt heute zu den f\u00fchrenden PV und BESS Unternehmen in Europa.","robots":{"index":"index","follow":"follow","max-snippet":"max-snippet:-1","max-image-preview":"max-image-preview:large","max-video-preview":"max-video-preview:-1"},"canonical":"https:\/\/belectric.com\/de\/unternehmen\/25-jahre-belectric\/","og_locale":"de_DE","og_type":"article","og_title":"25 Jahre offizieller Partner der Sonne von BELECTRIC - BELECTRIC","og_description":"2026 feiert BELECTRIC sein 25-j\u00e4hriges Jubil\u00e4um. Das Unternehmen wurde 2001 gegr\u00fcndet und geh\u00f6rt heute zu den f\u00fchrenden PV und BESS Unternehmen in Europa.","og_url":"https:\/\/belectric.com\/de\/unternehmen\/25-jahre-belectric\/","og_site_name":"BELECTRIC","article_publisher":"https:\/\/www.facebook.com\/belectric.solar\/","article_modified_time":"2026-04-16T11:07:15+00:00","og_image":[{"url":"https:\/\/belectric.com\/wp-content\/uploads\/2025\/10\/BELECTRIC_Teamspirit-1024x683.jpg","type":"","width":"","height":""}],"twitter_card":"summary_large_image","twitter_misc":{"Gesch\u00e4tzte Lesezeit":"2\u00a0Minuten"},"schema":{"@context":"https:\/\/schema.org","@graph":[{"@type":"WebPage","@id":"https:\/\/belectric.com\/de\/unternehmen\/25-jahre-belectric\/","url":"https:\/\/belectric.com\/de\/unternehmen\/25-jahre-belectric\/","name":"25 Jahre offizieller Partner der Sonne von BELECTRIC - BELECTRIC","isPartOf":{"@id":"https:\/\/belectric.com\/de\/#website"},"primaryImageOfPage":{"@id":"https:\/\/belectric.com\/de\/unternehmen\/25-jahre-belectric\/#primaryimage"},"image":{"@id":"https:\/\/belectric.com\/de\/unternehmen\/25-jahre-belectric\/#primaryimage"},"thumbnailUrl":"https:\/\/belectric.com\/wp-content\/uploads\/2025\/10\/BELECTRIC_Teamspirit-1024x683.jpg","datePublished":"2025-11-19T14:55:20+00:00","dateModified":"2026-04-16T11:07:15+00:00","description":"2026 feiert BELECTRIC sein 25-j\u00e4hriges Jubil\u00e4um. Das Unternehmen wurde 2001 gegr\u00fcndet und geh\u00f6rt heute zu den f\u00fchrenden PV und BESS Unternehmen in Europa.","breadcrumb":{"@id":"https:\/\/belectric.com\/de\/unternehmen\/25-jahre-belectric\/#breadcrumb"},"inLanguage":"de","potentialAction":[{"@type":"ReadAction","target":["https:\/\/belectric.com\/de\/unternehmen\/25-jahre-belectric\/"]}]},{"@type":"ImageObject","inLanguage":"de","@id":"https:\/\/belectric.com\/de\/unternehmen\/25-jahre-belectric\/#primaryimage","url":"https:\/\/belectric.com\/wp-content\/uploads\/2025\/10\/BELECTRIC_Teamspirit-1024x683.jpg","contentUrl":"https:\/\/belectric.com\/wp-content\/uploads\/2025\/10\/BELECTRIC_Teamspirit-1024x683.jpg"},{"@type":"BreadcrumbList","@id":"https:\/\/belectric.com\/de\/unternehmen\/25-jahre-belectric\/#breadcrumb","itemListElement":[{"@type":"ListItem","position":1,"name":"Startseite","item":"https:\/\/belectric.com\/de\/"},{"@type":"ListItem","position":2,"name":"Unternehmen","item":"https:\/\/belectric.com\/de\/unternehmen\/"},{"@type":"ListItem","position":3,"name":"25 Jahre offizieller Partner der Sonne"}]},{"@type":"WebSite","@id":"https:\/\/belectric.com\/de\/#website","url":"https:\/\/belectric.com\/de\/","name":"BELECTRIC","description":"360\u00b0 solution for ground-mounted solar power plants","publisher":{"@id":"https:\/\/belectric.com\/de\/#organization"},"potentialAction":[{"@type":"SearchAction","target":{"@type":"EntryPoint","urlTemplate":"https:\/\/belectric.com\/de\/?s={search_term_string}"},"query-input":{"@type":"PropertyValueSpecification","valueRequired":true,"valueName":"search_term_string"}}],"inLanguage":"de"},{"@type":"Organization","@id":"https:\/\/belectric.com\/de\/#organization","name":"BELECTRIC","url":"https:\/\/belectric.com\/de\/","logo":{"@type":"ImageObject","inLanguage":"de","@id":"https:\/\/belectric.com\/de\/#\/schema\/logo\/image\/","url":"https:\/\/belectric.com\/wp-content\/uploads\/2023\/09\/belectric_member_logo_rgb.svg","contentUrl":"https:\/\/belectric.com\/wp-content\/uploads\/2023\/09\/belectric_member_logo_rgb.svg","width":805,"height":100,"caption":"BELECTRIC"},"image":{"@id":"https:\/\/belectric.com\/de\/#\/schema\/logo\/image\/"},"sameAs":["https:\/\/www.facebook.com\/belectric.solar\/","https:\/\/www.xing.com\/pages\/belectric","https:\/\/www.linkedin.com\/company\/belectric-gmbh\/","https:\/\/www.instagram.com\/belectric_solar\/","https:\/\/www.youtube.com\/@BELECTRIC_GmbH\/videos"]}]}},"_links":{"self":[{"href":"https:\/\/belectric.com\/de\/wp-json\/wp\/v2\/pages\/14792","targetHints":{"allow":["GET"]}}],"collection":[{"href":"https:\/\/belectric.com\/de\/wp-json\/wp\/v2\/pages"}],"about":[{"href":"https:\/\/belectric.com\/de\/wp-json\/wp\/v2\/types\/page"}],"author":[{"embeddable":true,"href":"https:\/\/belectric.com\/de\/wp-json\/wp\/v2\/users\/4"}],"replies":[{"embeddable":true,"href":"https:\/\/belectric.com\/de\/wp-json\/wp\/v2\/comments?post=14792"}],"version-history":[{"count":10,"href":"https:\/\/belectric.com\/de\/wp-json\/wp\/v2\/pages\/14792\/revisions"}],"predecessor-version":[{"id":16490,"href":"https:\/\/belectric.com\/de\/wp-json\/wp\/v2\/pages\/14792\/revisions\/16490"}],"up":[{"embeddable":true,"href":"https:\/\/belectric.com\/de\/wp-json\/wp\/v2\/pages\/1330"}],"wp:attachment":[{"href":"https:\/\/belectric.com\/de\/wp-json\/wp\/v2\/media?parent=14792"}],"curies":[{"name":"wp","href":"https:\/\/api.w.org\/{rel}","templated":true}]}}